{"id":625,"date":"2024-06-04T16:42:27","date_gmt":"2024-06-04T14:42:27","guid":{"rendered":"https:\/\/www.promopa.it\/eco\/home\/eventi-copy\/"},"modified":"2025-03-11T16:33:39","modified_gmt":"2025-03-11T15:33:39","slug":"approfondimenti","status":"publish","type":"page","link":"https:\/\/www.promopa.it\/eco\/home\/approfondimenti\/","title":{"rendered":"Approfondimenti"},"content":{"rendered":"<div class=\"gb-container gb-container-4729573c\">\n\n<h2 class=\"gb-headline gb-headline-8030faed gb-headline-text\"><strong>gli approfondimenti <\/strong><\/h2>\n\n\n\n<h3 class=\"gb-headline gb-headline-b0106560 gb-headline-text\">di ECO &#8211; Ecologicamente Culturali<\/h3>\n\n\n\n<h3 class=\"gb-headline gb-headline-cb023bad gb-headline-text\"> Alcune tematiche trattate nei corsi ECO SMART ed ECO PLUS della Rete ECO &#8211; Ecologicamente Culturali<\/h3>\n\n<\/div>\n\n<div class=\"gb-container gb-container-4b3badbe alignwide\">\n\n<div class=\"wp-block-columns is-layout-flex wp-container-core-columns-is-layout-9d6595d7 wp-block-columns-is-layout-flex\">\n<div class=\"wp-block-column is-layout-flow wp-block-column-is-layout-flow\">\n<figure class=\"gb-block-image gb-block-image-eaf8b6d3\"><img loading=\"lazy\" decoding=\"async\" width=\"1920\" height=\"1080\" class=\"gb-image gb-image-eaf8b6d3\" src=\"https:\/\/www.promopa.it\/eco\/wp-content\/uploads\/2024\/06\/Agenda-2030-copertina-sito-1.png\" alt=\"Agenda 2030 Copertina Sito (1)\" title=\"Agenda 2030 copertina sito (1)\" srcset=\"https:\/\/www.promopa.it\/eco\/wp-content\/uploads\/2024\/06\/Agenda-2030-copertina-sito-1.png 1920w, https:\/\/www.promopa.it\/eco\/wp-content\/uploads\/2024\/06\/Agenda-2030-copertina-sito-1-300x169.png 300w, https:\/\/www.promopa.it\/eco\/wp-content\/uploads\/2024\/06\/Agenda-2030-copertina-sito-1-1024x576.png 1024w, https:\/\/www.promopa.it\/eco\/wp-content\/uploads\/2024\/06\/Agenda-2030-copertina-sito-1-768x432.png 768w, https:\/\/www.promopa.it\/eco\/wp-content\/uploads\/2024\/06\/Agenda-2030-copertina-sito-1-1536x864.png 1536w\" sizes=\"auto, (max-width: 1920px) 100vw, 1920px\" \/><\/figure>\n\n\n\n<div class=\"gb-headline gb-headline-a9d98ca1 gb-headline-text\"><strong>AGENDA 2030 <\/strong><\/div>\n\n\n\n<h3 class=\"gb-headline gb-headline-d8fb3b36 gb-headline-text\"><strong><strong>Cultura e sviluppo sostenibile. Un percorso che viene da lontano<\/strong><\/strong><\/h3>\n\n\n\n<p>L&#8217;Agenda 2030 consiste in un piano d&#8217;azione adottato a settembre 2015 dalla comunit\u00e0 internazionale che invita tutti i paesi a mobilitarsi per porre fine a tutte le forme di povert\u00e0, combattere le disuguaglianze e affrontare il cambiamento climatico, garantendo al tempo stesso che nessuno sia lasciato indietro. I suoi <strong>17 Obiettivi <\/strong>sono raggruppati in <strong>cinque \u201cP\u201d<\/strong> &#8211; <strong>Persone, Pianeta, Prosperit\u00e0, Pace e Partenariati <\/strong>\u2013 e riflettono la dimensione economica, sociale e ambientale della sostenibilit\u00e0.<\/p>\n\n\n\n<a class=\"gb-button gb-button-fe3390f9 gb-button-text\" href=\"https:\/\/www.promopa.it\/eco\/cultura-sviluppo-sostenibile\/\" target=\"_blank\" rel=\"noopener noreferrer\"><strong>Scopri di pi\u00f9 <\/strong><\/a>\n<\/div>\n\n\n\n<div class=\"wp-block-column is-layout-flow wp-block-column-is-layout-flow\">\n<figure class=\"gb-block-image gb-block-image-02af02cc\"><img loading=\"lazy\" decoding=\"async\" width=\"1920\" height=\"1080\" class=\"gb-image gb-image-02af02cc\" src=\"https:\/\/www.promopa.it\/eco\/wp-content\/uploads\/2024\/06\/CAM-copertina-sito-1.png\" alt=\"Cam Copertina Sito 1\" title=\"CAM-copertina-sito-1\" srcset=\"https:\/\/www.promopa.it\/eco\/wp-content\/uploads\/2024\/06\/CAM-copertina-sito-1.png 1920w, https:\/\/www.promopa.it\/eco\/wp-content\/uploads\/2024\/06\/CAM-copertina-sito-1-300x169.png 300w, https:\/\/www.promopa.it\/eco\/wp-content\/uploads\/2024\/06\/CAM-copertina-sito-1-1024x576.png 1024w, https:\/\/www.promopa.it\/eco\/wp-content\/uploads\/2024\/06\/CAM-copertina-sito-1-768x432.png 768w, https:\/\/www.promopa.it\/eco\/wp-content\/uploads\/2024\/06\/CAM-copertina-sito-1-1536x864.png 1536w\" sizes=\"auto, (max-width: 1920px) 100vw, 1920px\" \/><\/figure>\n\n\n\n<div class=\"gb-headline gb-headline-10fb98da gb-headline-text\"><strong>CAM: cosa sono, perch\u00e9 sono importanti e come applicarli <\/strong><\/div>\n\n\n\n<h3 class=\"gb-headline gb-headline-e63117c0 gb-headline-text\"><strong><strong>Criteri Ambientali Minimi: cosa sono e come applicarli<\/strong><\/strong><\/h3>\n\n\n\n<p>I Criteri Ambientali Minimi, conosciuti anche come CAM, sono <strong>soluzioni innovative per ridurre l\u2019impronta ecologica degli acquisti e dell\u2019attivit\u00e0. <\/strong>Si tratta di requisiti ambientali ed ecologici definiti dal Ministero dell\u2019Ambiente volti ad indirizzare le Pubbliche Amministrazioni verso una razionalizzazione dei consumi e degli acquisti fornendo indicazioni per l\u2019individuazione di soluzioni progettuali, prodotti o servizi migliori sotto il profilo ambientale lungo il ciclo di vita.<\/p>\n\n\n\n<a class=\"gb-button gb-button-07d0d5c1 gb-button-text\" href=\"https:\/\/www.promopa.it\/eco\/cam\/\" target=\"_blank\" rel=\"noopener noreferrer\"><strong>Scopri di pi\u00f9 <\/strong><\/a>\n<\/div>\n<\/div>\n\n\n\n<div class=\"wp-block-columns is-layout-flex wp-container-core-columns-is-layout-9d6595d7 wp-block-columns-is-layout-flex\">\n<div class=\"wp-block-column is-layout-flow wp-block-column-is-layout-flow\">\n<figure class=\"gb-block-image gb-block-image-01f8bf41\"><img loading=\"lazy\" decoding=\"async\" width=\"1920\" height=\"1080\" class=\"gb-image gb-image-01f8bf41\" src=\"https:\/\/www.promopa.it\/eco\/wp-content\/uploads\/2024\/07\/Parole-giuste-copertina-linkedin-1.png\" alt=\"Parole Giuste Copertina Linkedin 1\" title=\"Parole-giuste-copertina-linkedin-1\" srcset=\"https:\/\/www.promopa.it\/eco\/wp-content\/uploads\/2024\/07\/Parole-giuste-copertina-linkedin-1.png 1920w, https:\/\/www.promopa.it\/eco\/wp-content\/uploads\/2024\/07\/Parole-giuste-copertina-linkedin-1-300x169.png 300w, https:\/\/www.promopa.it\/eco\/wp-content\/uploads\/2024\/07\/Parole-giuste-copertina-linkedin-1-1024x576.png 1024w, https:\/\/www.promopa.it\/eco\/wp-content\/uploads\/2024\/07\/Parole-giuste-copertina-linkedin-1-768x432.png 768w, https:\/\/www.promopa.it\/eco\/wp-content\/uploads\/2024\/07\/Parole-giuste-copertina-linkedin-1-1536x864.png 1536w\" sizes=\"auto, (max-width: 1920px) 100vw, 1920px\" \/><\/figure>\n\n\n\n<div class=\"gb-headline gb-headline-f0adb055 gb-headline-text\"><strong>CULTURA SOSTENIBILE<\/strong><\/div>\n\n\n\n<h3 class=\"gb-headline gb-headline-552c9df0 gb-headline-text\"><strong><strong>Le parole giuste sono importanti<\/strong><\/strong><\/h3>\n\n\n\n<p class=\"has-text-align-left\">\u201cLe parole sono importanti\u201d il celebre urlo di Nanni Moretti nel film <em>Palombella Rossa<\/em> \u00e8 l\u2019incipit che con l\u2019aggiunta dell\u2019aggettivo <strong>giuste<\/strong> descrive l\u2019importanza di soffermarsi sui termini che nel progetto Ecologicamente Culturali (ECO) puntano ad evidenziare la vicinanza fra i temi della sostenibilit\u00e0 e l\u2019attivit\u00e0 degli enti culturali. Le <strong>parole sono infatti fra gli strumenti principali<\/strong> che le organizzazioni culturali utilizzano per raggiungere il proprio pubblico e per dialogare con esso.<\/p>\n\n\n\n<a class=\"gb-button gb-button-67b68e0c gb-button-text\" href=\"https:\/\/www.promopa.it\/eco\/le-parole-sono-importanti\/\" target=\"_blank\" rel=\"noopener noreferrer\"><strong>Scopri di pi\u00f9 <\/strong><\/a>\n<\/div>\n\n\n\n<div class=\"wp-block-column is-layout-flow wp-block-column-is-layout-flow\">\n<figure class=\"wp-block-image size-large\"><img loading=\"lazy\" decoding=\"async\" width=\"1024\" height=\"576\" src=\"https:\/\/www.promopa.it\/eco\/wp-content\/uploads\/2025\/03\/Rubriche-buone-pratiche-1024x576.png\" alt=\"Rubriche Buone Pratiche\" class=\"wp-image-1178\" srcset=\"https:\/\/www.promopa.it\/eco\/wp-content\/uploads\/2025\/03\/Rubriche-buone-pratiche-1024x576.png 1024w, https:\/\/www.promopa.it\/eco\/wp-content\/uploads\/2025\/03\/Rubriche-buone-pratiche-300x169.png 300w, https:\/\/www.promopa.it\/eco\/wp-content\/uploads\/2025\/03\/Rubriche-buone-pratiche-768x432.png 768w, https:\/\/www.promopa.it\/eco\/wp-content\/uploads\/2025\/03\/Rubriche-buone-pratiche-1536x864.png 1536w, https:\/\/www.promopa.it\/eco\/wp-content\/uploads\/2025\/03\/Rubriche-buone-pratiche.png 1920w\" sizes=\"auto, (max-width: 1024px) 100vw, 1024px\" \/><\/figure>\n\n\n\n<div class=\"gb-headline gb-headline-fc963fcb gb-headline-text\">ESEMPI CONCRETI<\/div>\n\n\n\n<h3 class=\"gb-headline gb-headline-54246078 gb-headline-text\"><strong><strong>Le buone pratiche di sostenibilit\u00e0<\/strong><\/strong><\/h3>\n\n\n\n<p>Per pianificare eventi culturali sostenibili ci vogliono buone idee, risorse e tempo. In Italia gi\u00e0 esistono realt\u00e0 che esplorano da tempo soluzioni di riuso, acquisti consapevoli e condivisi, criteri di sostenibilit\u00e0 nell&#8217;ambito dei propri festival ed iniziative. La loro testimonianza pu\u00f2 aiutarci a capire come favorire una spinta al cambiamento anche in questo settore.&nbsp;<\/p>\n\n\n\n<a class=\"gb-button gb-button-e00c41fa gb-button-text\" href=\"https:\/\/www.promopa.it\/eco\/le-buone-pratiche-per-la-sostenibilita\/\"><strong>Scopri di pi\u00f9 <\/strong><\/a>\n<\/div>\n<\/div>\n\n\n\n<div class=\"wp-block-columns is-layout-flex wp-container-core-columns-is-layout-9d6595d7 wp-block-columns-is-layout-flex\">\n<div class=\"wp-block-column is-layout-flow wp-block-column-is-layout-flow\"><\/div>\n\n\n\n<div class=\"wp-block-column is-layout-flow wp-block-column-is-layout-flow\"><\/div>\n<\/div>\n\n<\/div>","protected":false},"excerpt":{"rendered":"<p>gli approfondimenti di ECO &#8211; Ecologicamente Culturali Alcune tematiche trattate nei corsi ECO SMART ed ECO PLUS della Rete ECO &#8211; Ecologicamente Culturali AGENDA 2030 Cultura e sviluppo sostenibile. Un percorso che viene da lontano L&#8217;Agenda 2030 consiste in un piano d&#8217;azione adottato a settembre 2015 dalla comunit\u00e0 internazionale che invita tutti i paesi a &#8230; <a title=\"Approfondimenti\" class=\"read-more\" href=\"https:\/\/www.promopa.it\/eco\/home\/approfondimenti\/\" aria-label=\"Per saperne di pi\u00f9 su Approfondimenti\">Leggi tutto<\/a><\/p>\n","protected":false},"author":2,"featured_media":0,"parent":13,"menu_order":0,"comment_status":"closed","ping_status":"closed","template":"","meta":{"slim_seo":[],"footnotes":""},"class_list":["post-625","page","type-page","status-publish"],"_links":{"self":[{"href":"https:\/\/www.promopa.it\/eco\/wp-json\/wp\/v2\/pages\/625","targetHints":{"allow":["GET"]}}],"collection":[{"href":"https:\/\/www.promopa.it\/eco\/wp-json\/wp\/v2\/pages"}],"about":[{"href":"https:\/\/www.promopa.it\/eco\/wp-json\/wp\/v2\/types\/page"}],"author":[{"embeddable":true,"href":"https:\/\/www.promopa.it\/eco\/wp-json\/wp\/v2\/users\/2"}],"replies":[{"embeddable":true,"href":"https:\/\/www.promopa.it\/eco\/wp-json\/wp\/v2\/comments?post=625"}],"version-history":[{"count":30,"href":"https:\/\/www.promopa.it\/eco\/wp-json\/wp\/v2\/pages\/625\/revisions"}],"predecessor-version":[{"id":1294,"href":"https:\/\/www.promopa.it\/eco\/wp-json\/wp\/v2\/pages\/625\/revisions\/1294"}],"up":[{"embeddable":true,"href":"https:\/\/www.promopa.it\/eco\/wp-json\/wp\/v2\/pages\/13"}],"wp:attachment":[{"href":"https:\/\/www.promopa.it\/eco\/wp-json\/wp\/v2\/media?parent=625"}],"curies":[{"name":"wp","href":"https:\/\/api.w.org\/{rel}","templated":true}]}}